{"id":1242,"date":"2025-12-14T15:15:29","date_gmt":"2025-12-14T15:15:29","guid":{"rendered":"https:\/\/drogerieaebi.ch\/protection-des-donnees\/"},"modified":"2025-12-14T19:37:30","modified_gmt":"2025-12-14T19:37:30","slug":"protection-des-donnees","status":"publish","type":"page","link":"https:\/\/drogerieaebi.ch\/fr\/protection-des-donnees\/","title":{"rendered":"Protection des donn\u00e9es"},"content":{"rendered":"<p>[et_pb_section fb_built=\u00a0\u00bb1&Prime; disabled_on=\u00a0\u00bboff|off|off\u00a0\u00bb admin_label=\u00a0\u00bbDatenschutz\u00a0\u00bb module_id=\u00a0\u00bbprodukte\u00a0\u00bb _builder_version=\u00a0\u00bb4.27.4&Prime; _module_preset=\u00a0\u00bbdefault\u00a0\u00bb background_color=\u00a0\u00bb#FFFFFF\u00a0\u00bb custom_padding=\u00a0\u00bb||70px|||\u00a0\u00bb collapsed=\u00a0\u00bboff\u00a0\u00bb global_colors_info=\u00a0\u00bb{}\u00a0\u00bb][et_pb_row disabled_on=\u00a0\u00bbon|on|off\u00a0\u00bb admin_label=\u00a0\u00bbAngebot Title (Desktop)\u00a0\u00bb _builder_version=\u00a0\u00bb4.27.4&Prime; _module_preset=\u00a0\u00bb3f9f270a-4080-45ec-afe9-3af71458a861&Prime; animation_style=\u00a0\u00bbslide\u00a0\u00bb animation_direction=\u00a0\u00bbbottom\u00a0\u00bb animation_intensity_slide=\u00a0\u00bb1%\u00a0\u00bb global_colors_info=\u00a0\u00bb{}\u00a0\u00bb][et_pb_column type=\u00a0\u00bb4_4&Prime; _builder_version=\u00a0\u00bb4.27.4&Prime; _module_preset=\u00a0\u00bbdefault\u00a0\u00bb global_colors_info=\u00a0\u00bb{}\u00a0\u00bb][et_pb_text admin_label=\u00a0\u00bbH2&Prime; _builder_version=\u00a0\u00bb4.27.4&Prime; _module_preset=\u00a0\u00bbdefault\u00a0\u00bb header_font=\u00a0\u00bbOutfit|700|||||||\u00a0\u00bb header_text_color=\u00a0\u00bb#333333&Prime; header_font_size=\u00a0\u00bb48px\u00a0\u00bb header_line_height=\u00a0\u00bb1.1em\u00a0\u00bb header_2_font=\u00a0\u00bbOutfit|600|||||||\u00a0\u00bb header_2_text_color=\u00a0\u00bb#333333&Prime; header_2_font_size=\u00a0\u00bb36px\u00a0\u00bb header_2_line_height=\u00a0\u00bb1.1em\u00a0\u00bb custom_margin=\u00a0\u00bb||5px||false|false\u00a0\u00bb header_font_size_tablet=\u00a0\u00bb36px\u00a0\u00bb header_font_size_phone=\u00a0\u00bb28px\u00a0\u00bb header_font_size_last_edited=\u00a0\u00bbon|phone\u00a0\u00bb header_2_font_size_tablet=\u00a0\u00bb30px\u00a0\u00bb header_2_font_size_phone=\u00a0\u00bb24px\u00a0\u00bb header_2_font_size_last_edited=\u00a0\u00bbon|phone\u00a0\u00bb global_colors_info=\u00a0\u00bb{}\u00a0\u00bb]<\/p>\n<h2>Politique de confidentialit\u00e9<\/h2>\n<p>[\/et_pb_text][\/et_pb_column][\/et_pb_row][et_pb_row _builder_version=\u00a0\u00bb4.27.4&Prime; _module_preset=\u00a0\u00bb3f9f270a-4080-45ec-afe9-3af71458a861&Prime; global_colors_info=\u00a0\u00bb{}\u00a0\u00bb][et_pb_column type=\u00a0\u00bb4_4&Prime; _builder_version=\u00a0\u00bb4.27.4&Prime; _module_preset=\u00a0\u00bbdefault\u00a0\u00bb global_colors_info=\u00a0\u00bb{}\u00a0\u00bb][et_pb_text admin_label=\u00a0\u00bbParagraph\u00a0\u00bb _builder_version=\u00a0\u00bb4.27.4&Prime; _module_preset=\u00a0\u00bbdefault\u00a0\u00bb text_font=\u00a0\u00bbOutfit|300|||||||\u00a0\u00bb text_text_color=\u00a0\u00bb#666666&Prime; text_font_size=\u00a0\u00bb18px\u00a0\u00bb header_line_height=\u00a0\u00bb1.5em\u00a0\u00bb header_3_font=\u00a0\u00bbOutfit|600|||||||\u00a0\u00bb header_3_line_height=\u00a0\u00bb1.2em\u00a0\u00bb custom_margin=\u00a0\u00bb||12px||false|false\u00a0\u00bb text_font_size_tablet=\u00a0\u00bb17px\u00a0\u00bb text_font_size_phone=\u00a0\u00bb16px\u00a0\u00bb text_font_size_last_edited=\u00a0\u00bbon|phone\u00a0\u00bb global_colors_info=\u00a0\u00bb{}\u00a0\u00bb]<\/p>\n<h3 class=\"p1\">1. Quel est l&rsquo;objet de cette d\u00e9claration de confidentialit\u00e9 ?<\/h3>\n<p>[\/et_pb_text][et_pb_text admin_label=\u00a0\u00bbParagraph\u00a0\u00bb _builder_version=\u00a0\u00bb4.27.5&Prime; _module_preset=\u00a0\u00bbdefault\u00a0\u00bb text_font=\u00a0\u00bbOutfit|300|||||||\u00a0\u00bb text_text_color=\u00a0\u00bb#666666&Prime; text_font_size=\u00a0\u00bb18px\u00a0\u00bb text_line_height=\u00a0\u00bb1.4em\u00a0\u00bb link_text_color=\u00a0\u00bb#669143&Prime; hover_enabled=\u00a0\u00bb0&Prime; text_font_size_tablet=\u00a0\u00bb17px\u00a0\u00bb text_font_size_phone=\u00a0\u00bb16px\u00a0\u00bb text_font_size_last_edited=\u00a0\u00bbon|phone\u00a0\u00bb global_colors_info=\u00a0\u00bb{}\u00a0\u00bb link_text_color__hover_enabled=\u00a0\u00bbon|hover\u00a0\u00bb link_text_color__hover=\u00a0\u00bb#669143&Prime; sticky_enabled=\u00a0\u00bb0&Prime;]<\/p>\n<p>Dans la pr\u00e9sente d\u00e9claration de confidentialit\u00e9, nous vous informons de la mani\u00e8re dont nous collectons, traitons et utilisons vos donn\u00e9es personnelles, ainsi que des fins auxquelles nous le faisons. Le terme \u00ab donn\u00e9es \u00bb est synonyme de \u00ab donn\u00e9es personnelles \u00bb.<\/p>\n<p><span>Dans cette d\u00e9claration de confidentialit\u00e9, vous apprendrez entre autres :<\/span><\/p>\n<ul>\n<li class=\"WWListBullets0\">quelles donn\u00e9es personnelles nous collectons et traitons ;<\/li>\n<li class=\"WWListBullets0\">\u00e0 quelles fins nous utilisons vos donn\u00e9es personnelles ;<\/li>\n<li class=\"WWListBullets0\">qui a acc\u00e8s \u00e0 vos donn\u00e9es personnelles ;<\/li>\n<li class=\"WWListBullets0\">les avantages que vous tirez du traitement de vos donn\u00e9es ;<\/li>\n<li class=\"WWListBullets0\">combien de temps nous traitons vos donn\u00e9es personnelles ;<\/li>\n<li class=\"WWListBullets0\">quels sont vos droits concernant vos donn\u00e9es personnelles ; et<\/li>\n<li class=\"WWListBullets0\">comment vous pouvez nous contacter.<\/li>\n<\/ul>\n<p><span>La pr\u00e9sente d\u00e9claration de confidentialit\u00e9 s&rsquo;applique \u00e0 toutes les personnes dont nous traitons les donn\u00e9es (ci-apr\u00e8s \u00ab vous \u00bb), quelle que soit la mani\u00e8re dont vous entrez en contact avec nous, par exemple par t\u00e9l\u00e9phone, via un outil de prise de rendez-vous en ligne, sur notre site web, via un r\u00e9seau social, lors d&rsquo;un \u00e9v\u00e9nement, etc. Elle s&rsquo;applique au traitement des donn\u00e9es personnelles d\u00e9j\u00e0 collect\u00e9es ainsi qu&rsquo;\u00e0 celles qui seront collect\u00e9es \u00e0 l&rsquo;avenir. <\/span><\/p>\n<p><span>Pour plus d&rsquo;informations sur la collecte et le traitement des donn\u00e9es personnelles lors de l&rsquo;utilisation de notre site web et de nos r\u00e9seaux sociaux, notamment en ce qui concerne les cookies et autres technologies similaires, veuillez \u00e9galement consulter notre <a href=\"https:\/\/drogerieaebi.ch\/fr\/cookie-policy\/\">Cookie Policy<\/a>.<\/span><\/p>\n<p>[\/et_pb_text][\/et_pb_column][\/et_pb_row][et_pb_row _builder_version=\u00a0\u00bb4.27.4&Prime; _module_preset=\u00a0\u00bb3f9f270a-4080-45ec-afe9-3af71458a861&Prime; global_colors_info=\u00a0\u00bb{}\u00a0\u00bb][et_pb_column type=\u00a0\u00bb4_4&Prime; _builder_version=\u00a0\u00bb4.27.4&Prime; _module_preset=\u00a0\u00bbdefault\u00a0\u00bb global_colors_info=\u00a0\u00bb{}\u00a0\u00bb][et_pb_text admin_label=\u00a0\u00bbParagraph\u00a0\u00bb _builder_version=\u00a0\u00bb4.27.4&Prime; _module_preset=\u00a0\u00bbdefault\u00a0\u00bb text_font=\u00a0\u00bbOutfit|300|||||||\u00a0\u00bb text_text_color=\u00a0\u00bb#666666&Prime; text_font_size=\u00a0\u00bb18px\u00a0\u00bb header_line_height=\u00a0\u00bb1.5em\u00a0\u00bb header_3_font=\u00a0\u00bbOutfit|600|||||||\u00a0\u00bb header_3_line_height=\u00a0\u00bb1.2em\u00a0\u00bb custom_margin=\u00a0\u00bb||12px||false|false\u00a0\u00bb text_font_size_tablet=\u00a0\u00bb17px\u00a0\u00bb text_font_size_phone=\u00a0\u00bb16px\u00a0\u00bb text_font_size_last_edited=\u00a0\u00bbon|phone\u00a0\u00bb global_colors_info=\u00a0\u00bb{}\u00a0\u00bb]<\/p>\n<h3 class=\"p1\">2. Qui est responsable du traitement des donn\u00e9es ?<\/h3>\n<p>[\/et_pb_text][et_pb_text admin_label=\u00a0\u00bbParagraph\u00a0\u00bb _builder_version=\u00a0\u00bb4.27.5&Prime; _module_preset=\u00a0\u00bbdefault\u00a0\u00bb text_font=\u00a0\u00bbOutfit|300|||||||\u00a0\u00bb text_text_color=\u00a0\u00bb#666666&Prime; text_font_size=\u00a0\u00bb18px\u00a0\u00bb text_line_height=\u00a0\u00bb1.4em\u00a0\u00bb link_text_color=\u00a0\u00bb#666666&Prime; hover_enabled=\u00a0\u00bb0&Prime; text_font_size_tablet=\u00a0\u00bb17px\u00a0\u00bb text_font_size_phone=\u00a0\u00bb16px\u00a0\u00bb text_font_size_last_edited=\u00a0\u00bbon|phone\u00a0\u00bb global_colors_info=\u00a0\u00bb{}\u00a0\u00bb link_text_color__hover_enabled=\u00a0\u00bbon|hover\u00a0\u00bb link_text_color__hover=\u00a0\u00bb#669143&Prime; sticky_enabled=\u00a0\u00bb0&Prime;]<\/p>\n<p class=\"p1\">Drogerie Aebi<br \/>c\/o Reichenbach Drogerie S\u00e0rl<br \/>Hauptgasse 50<br \/>3280 Morat<\/p>\n<p class=\"p1\"><a href=\"tel:+41266702689\">+41 26 670 26 89<\/a><br \/><a href=\"mailto:drogerie.aebi@bluewin.ch\">drogerie.aebi@bluewin.ch<\/a><\/p>\n<p>[\/et_pb_text][\/et_pb_column][\/et_pb_row][et_pb_row _builder_version=\u00a0\u00bb4.27.4&Prime; _module_preset=\u00a0\u00bb3f9f270a-4080-45ec-afe9-3af71458a861&Prime; global_colors_info=\u00a0\u00bb{}\u00a0\u00bb][et_pb_column type=\u00a0\u00bb4_4&Prime; _builder_version=\u00a0\u00bb4.27.4&Prime; _module_preset=\u00a0\u00bbdefault\u00a0\u00bb global_colors_info=\u00a0\u00bb{}\u00a0\u00bb][et_pb_text admin_label=\u00a0\u00bbParagraph\u00a0\u00bb _builder_version=\u00a0\u00bb4.27.4&Prime; _module_preset=\u00a0\u00bbdefault\u00a0\u00bb text_font=\u00a0\u00bbOutfit|300|||||||\u00a0\u00bb text_text_color=\u00a0\u00bb#666666&Prime; text_font_size=\u00a0\u00bb18px\u00a0\u00bb header_line_height=\u00a0\u00bb1.5em\u00a0\u00bb header_3_font=\u00a0\u00bbOutfit|600|||||||\u00a0\u00bb header_3_line_height=\u00a0\u00bb1.2em\u00a0\u00bb custom_margin=\u00a0\u00bb||12px||false|false\u00a0\u00bb text_font_size_tablet=\u00a0\u00bb17px\u00a0\u00bb text_font_size_phone=\u00a0\u00bb16px\u00a0\u00bb text_font_size_last_edited=\u00a0\u00bbon|phone\u00a0\u00bb global_colors_info=\u00a0\u00bb{}\u00a0\u00bb]<\/p>\n<h3 class=\"p1\">3. Quelles donn\u00e9es personnelles traitons-nous ?<\/h3>\n<p>[\/et_pb_text][et_pb_text admin_label=\u00a0\u00bbParagraph\u00a0\u00bb _builder_version=\u00a0\u00bb4.27.4&Prime; _module_preset=\u00a0\u00bbdefault\u00a0\u00bb text_font=\u00a0\u00bbOutfit|300|||||||\u00a0\u00bb text_text_color=\u00a0\u00bb#666666&Prime; text_font_size=\u00a0\u00bb18px\u00a0\u00bb text_line_height=\u00a0\u00bb1.4em\u00a0\u00bb link_text_color=\u00a0\u00bb#666666&Prime; text_font_size_tablet=\u00a0\u00bb17px\u00a0\u00bb text_font_size_phone=\u00a0\u00bb16px\u00a0\u00bb text_font_size_last_edited=\u00a0\u00bbon|phone\u00a0\u00bb global_colors_info=\u00a0\u00bb{}\u00a0\u00bb link_text_color__hover_enabled=\u00a0\u00bbon|hover\u00a0\u00bb link_text_color__hover=\u00a0\u00bb#669143&Prime;]<\/p>\n<p><span>Les \u00ab donn\u00e9es personnelles \u00bb sont des informations qui peuvent \u00eatre associ\u00e9es \u00e0 une personne sp\u00e9cifique. Nous traitons diff\u00e9rentes cat\u00e9gories de donn\u00e9es personnelles. Vous trouverez ci-dessous les principales cat\u00e9gories \u00e0 titre indicatif. Dans certains cas, nous pouvons toutefois \u00eatre amen\u00e9s \u00e0 traiter d&rsquo;autres donn\u00e9es personnelles.   <\/span><\/p>\n<p>[\/et_pb_text][et_pb_text admin_label=\u00a0\u00bbParagraph\u00a0\u00bb _builder_version=\u00a0\u00bb4.27.4&Prime; _module_preset=\u00a0\u00bbdefault\u00a0\u00bb text_font=\u00a0\u00bbOutfit|300|||||||\u00a0\u00bb text_text_color=\u00a0\u00bb#666666&Prime; text_font_size=\u00a0\u00bb18px\u00a0\u00bb text_line_height=\u00a0\u00bb1.4em\u00a0\u00bb link_text_color=\u00a0\u00bb#666666&Prime; text_font_size_tablet=\u00a0\u00bb17px\u00a0\u00bb text_font_size_phone=\u00a0\u00bb16px\u00a0\u00bb text_font_size_last_edited=\u00a0\u00bbon|phone\u00a0\u00bb global_colors_info=\u00a0\u00bb{}\u00a0\u00bb link_text_color__hover_enabled=\u00a0\u00bbon|hover\u00a0\u00bb link_text_color__hover=\u00a0\u00bb#669143&Prime;]<\/p>\n<p><span style=\"font-weight: 600;color: #333333\">3.1 Donn\u00e9es de base<\/span><\/p>\n<p><span>Les donn\u00e9es de base sont les donn\u00e9es fondamentales vous concernant, telles que votre titre, votre nom, vos coordonn\u00e9es ou votre date de naissance. Nous collectons des donn\u00e9es de base notamment lorsque vous vous inscrivez chez nous en tant que client ou lorsque vous utilisez nos produits et services. Nous collectons \u00e9galement des donn\u00e9es de base sur les personnes de contact et les repr\u00e9sentants de partenaires contractuels, d&rsquo;organisations et d&rsquo;autorit\u00e9s. Dans le cadre des donn\u00e9es de base, nous pouvons \u00e9galement traiter des donn\u00e9es particuli\u00e8rement sensibles ainsi que des informations sur des tiers.   <\/span><\/p>\n<p>[\/et_pb_text][et_pb_text admin_label=\u00a0\u00bbParagraph\u00a0\u00bb _builder_version=\u00a0\u00bb4.27.4&Prime; _module_preset=\u00a0\u00bbdefault\u00a0\u00bb text_font=\u00a0\u00bbOutfit|300|||||||\u00a0\u00bb text_text_color=\u00a0\u00bb#666666&Prime; text_font_size=\u00a0\u00bb18px\u00a0\u00bb text_line_height=\u00a0\u00bb1.4em\u00a0\u00bb link_text_color=\u00a0\u00bb#666666&Prime; text_font_size_tablet=\u00a0\u00bb17px\u00a0\u00bb text_font_size_phone=\u00a0\u00bb16px\u00a0\u00bb text_font_size_last_edited=\u00a0\u00bbon|phone\u00a0\u00bb global_colors_info=\u00a0\u00bb{}\u00a0\u00bb link_text_color__hover_enabled=\u00a0\u00bbon|hover\u00a0\u00bb link_text_color__hover=\u00a0\u00bb#669143&Prime;]<\/p>\n<p><span style=\"font-weight: 600;color: #333333\">3.2 Donn\u00e9es contractuelles<\/span><\/p>\n<p><span>Les donn\u00e9es contractuelles sont des donn\u00e9es personnelles collect\u00e9es dans le cadre de la conclusion ou de l&rsquo;ex\u00e9cution d&rsquo;un contrat, par exemple le type et la dur\u00e9e d&rsquo;un contrat conclu entre vous et nous, la date d&rsquo;achat ou la d\u00e9signation du produit. Nous concluons des contrats principalement avec des clients, des partenaires commerciaux, mais aussi avec d&rsquo;autres partenaires contractuels. <\/span><\/p>\n<p>[\/et_pb_text][et_pb_text admin_label=\u00a0\u00bbParagraph\u00a0\u00bb _builder_version=\u00a0\u00bb4.27.4&Prime; _module_preset=\u00a0\u00bbdefault\u00a0\u00bb text_font=\u00a0\u00bbOutfit|300|||||||\u00a0\u00bb text_text_color=\u00a0\u00bb#666666&Prime; text_font_size=\u00a0\u00bb18px\u00a0\u00bb text_line_height=\u00a0\u00bb1.4em\u00a0\u00bb link_text_color=\u00a0\u00bb#666666&Prime; text_font_size_tablet=\u00a0\u00bb17px\u00a0\u00bb text_font_size_phone=\u00a0\u00bb16px\u00a0\u00bb text_font_size_last_edited=\u00a0\u00bbon|phone\u00a0\u00bb global_colors_info=\u00a0\u00bb{}\u00a0\u00bb link_text_color__hover_enabled=\u00a0\u00bbon|hover\u00a0\u00bb link_text_color__hover=\u00a0\u00bb#669143&Prime;]<\/p>\n<p><span style=\"font-weight: 600;color: #333333\">3.3 Donn\u00e9es de communication<\/span><\/p>\n<p><span>Lorsque vous \u00eates en contact avec nous ou que nous sommes en contact avec vous, par exemple lorsque vous nous \u00e9crivez ou nous appelez, nous traitons les contenus \u00e9chang\u00e9s ainsi que les informations relatives au type, \u00e0 la date et au lieu de la communication. Les donn\u00e9es que vous saisissez par e-mail ou via le formulaire du site web sont transmises sans \u00eatre crypt\u00e9es. Il n&rsquo;est donc pas exclu que des donn\u00e9es soient perdues en cours de route ou puissent \u00eatre consult\u00e9es par des tiers. La transmission en ligne de donn\u00e9es personnelles se fait donc \u00e0 vos propres risques.   <\/span><\/p>\n<p>[\/et_pb_text][et_pb_text admin_label=\u00a0\u00bbParagraph\u00a0\u00bb _builder_version=\u00a0\u00bb4.27.4&Prime; _module_preset=\u00a0\u00bbdefault\u00a0\u00bb text_font=\u00a0\u00bbOutfit|300|||||||\u00a0\u00bb text_text_color=\u00a0\u00bb#666666&Prime; text_font_size=\u00a0\u00bb18px\u00a0\u00bb text_line_height=\u00a0\u00bb1.4em\u00a0\u00bb link_text_color=\u00a0\u00bb#666666&Prime; text_font_size_tablet=\u00a0\u00bb17px\u00a0\u00bb text_font_size_phone=\u00a0\u00bb16px\u00a0\u00bb text_font_size_last_edited=\u00a0\u00bbon|phone\u00a0\u00bb global_colors_info=\u00a0\u00bb{}\u00a0\u00bb link_text_color__hover_enabled=\u00a0\u00bbon|hover\u00a0\u00bb link_text_color__hover=\u00a0\u00bb#669143&Prime;]<\/p>\n<p><span style=\"font-weight: 600;color: #333333\">3.4 Donn\u00e9es comportementales et transactionnelles<\/span><\/p>\n<p><span>Lorsque vous utilisez nos produits ou services, nous collectons souvent des donn\u00e9es relatives \u00e0 cette utilisation et, de mani\u00e8re g\u00e9n\u00e9rale, \u00e0 votre comportement. <\/span><\/p>\n<p>[\/et_pb_text][et_pb_text admin_label=\u00a0\u00bbParagraph\u00a0\u00bb _builder_version=\u00a0\u00bb4.27.4&Prime; _module_preset=\u00a0\u00bbdefault\u00a0\u00bb text_font=\u00a0\u00bbOutfit|300|||||||\u00a0\u00bb text_text_color=\u00a0\u00bb#666666&Prime; text_font_size=\u00a0\u00bb18px\u00a0\u00bb text_line_height=\u00a0\u00bb1.4em\u00a0\u00bb link_text_color=\u00a0\u00bb#666666&Prime; text_font_size_tablet=\u00a0\u00bb17px\u00a0\u00bb text_font_size_phone=\u00a0\u00bb16px\u00a0\u00bb text_font_size_last_edited=\u00a0\u00bbon|phone\u00a0\u00bb global_colors_info=\u00a0\u00bb{}\u00a0\u00bb link_text_color__hover_enabled=\u00a0\u00bbon|hover\u00a0\u00bb link_text_color__hover=\u00a0\u00bb#669143&Prime;]<\/p>\n<p><span style=\"font-weight: 600;color: #333333\">3.5 Donn\u00e9es pr\u00e9f\u00e9rentielles<\/span><\/p>\n<p><span>Nous souhaitons adapter au mieux nos offres \u00e0 nos clients. C&rsquo;est pourquoi nous traitons \u00e9galement des donn\u00e9es relatives \u00e0 vos int\u00e9r\u00eats et pr\u00e9f\u00e9rences. \u00c0 cette fin, nous pouvons associer des donn\u00e9es comportementales et transactionnelles \u00e0 d&rsquo;autres donn\u00e9es et les analyser de mani\u00e8re personnalis\u00e9e et non personnalis\u00e9e. Cela nous permet de tirer des conclusions sur vos caract\u00e9ristiques, vos pr\u00e9f\u00e9rences et votre comportement probable, par exemple vos pr\u00e9f\u00e9rences et affinit\u00e9s pour certains produits et services.   <\/span><\/p>\n<p>[\/et_pb_text][et_pb_text admin_label=\u00a0\u00bbParagraph\u00a0\u00bb _builder_version=\u00a0\u00bb4.27.5&Prime; _module_preset=\u00a0\u00bbdefault\u00a0\u00bb text_font=\u00a0\u00bbOutfit|300|||||||\u00a0\u00bb text_text_color=\u00a0\u00bb#666666&Prime; text_font_size=\u00a0\u00bb18px\u00a0\u00bb text_line_height=\u00a0\u00bb1.4em\u00a0\u00bb link_text_color=\u00a0\u00bb#669143&Prime; hover_enabled=\u00a0\u00bb0&Prime; text_font_size_tablet=\u00a0\u00bb17px\u00a0\u00bb text_font_size_phone=\u00a0\u00bb16px\u00a0\u00bb text_font_size_last_edited=\u00a0\u00bbon|phone\u00a0\u00bb global_colors_info=\u00a0\u00bb{}\u00a0\u00bb link_text_color__hover_enabled=\u00a0\u00bbon|hover\u00a0\u00bb link_text_color__hover=\u00a0\u00bb#669143&Prime; sticky_enabled=\u00a0\u00bb0&Prime;]<\/p>\n<p><span style=\"font-weight: 600;color: #333333\">3.6 Caract\u00e9ristiques techniques<\/span><\/p>\n<p><span>Lorsque vous utilisez notre site Web ou d&rsquo;autres offres \u00e9lectroniques, nous collectons certaines donn\u00e9es techniques telles que votre adresse IP ou l&rsquo;identifiant de votre appareil. Les donn\u00e9es techniques comprennent \u00e9galement les protocoles dans lesquels nous enregistrons l&rsquo;utilisation de nos syst\u00e8mes (donn\u00e9es de connexion). Dans certains cas, nous pouvons \u00e9galement attribuer un num\u00e9ro d&rsquo;identification unique (un identifiant) \u00e0 votre appareil (tablette, PC, smartphone, etc.), par exemple \u00e0 l&rsquo;aide de cookies ou de technologies similaires, afin de pouvoir le reconna\u00eetre. Vous trouverez de plus amples informations dans notre <a href=\"https:\/\/drogerieaebi.ch\/fr\/cookie-policy\/\">Cookie Policy<\/a>.   <\/span><\/p>\n<p>[\/et_pb_text][et_pb_text admin_label=\u00a0\u00bbParagraph\u00a0\u00bb _builder_version=\u00a0\u00bb4.27.4&Prime; _module_preset=\u00a0\u00bbdefault\u00a0\u00bb text_font=\u00a0\u00bbOutfit|300|||||||\u00a0\u00bb text_text_color=\u00a0\u00bb#666666&Prime; text_font_size=\u00a0\u00bb18px\u00a0\u00bb text_line_height=\u00a0\u00bb1.4em\u00a0\u00bb link_text_color=\u00a0\u00bb#666666&Prime; text_font_size_tablet=\u00a0\u00bb17px\u00a0\u00bb text_font_size_phone=\u00a0\u00bb16px\u00a0\u00bb text_font_size_last_edited=\u00a0\u00bbon|phone\u00a0\u00bb global_colors_info=\u00a0\u00bb{}\u00a0\u00bb link_text_color__hover_enabled=\u00a0\u00bbon|hover\u00a0\u00bb link_text_color__hover=\u00a0\u00bb#669143&Prime;]<\/p>\n<p><span style=\"font-weight: 600;color: #333333\">3.7 Donn\u00e9es relatives \u00e0 la sant\u00e9<\/span><\/p>\n<p>Nous ne collectons les donn\u00e9es relatives \u00e0 la sant\u00e9 (par exemple, les m\u00e9dicaments, les analyses corporelles et de laboratoire, les indications d&rsquo;allergies, d&rsquo;intol\u00e9rances, etc.) que sur une base volontaire, si vous nous les communiquez.<\/p>\n<p>[\/et_pb_text][et_pb_text admin_label=\u00a0\u00bbParagraph\u00a0\u00bb _builder_version=\u00a0\u00bb4.27.4&Prime; _module_preset=\u00a0\u00bbdefault\u00a0\u00bb text_font=\u00a0\u00bbOutfit|300|||||||\u00a0\u00bb text_text_color=\u00a0\u00bb#666666&Prime; text_font_size=\u00a0\u00bb18px\u00a0\u00bb text_line_height=\u00a0\u00bb1.4em\u00a0\u00bb link_text_color=\u00a0\u00bb#666666&Prime; text_font_size_tablet=\u00a0\u00bb17px\u00a0\u00bb text_font_size_phone=\u00a0\u00bb16px\u00a0\u00bb text_font_size_last_edited=\u00a0\u00bbon|phone\u00a0\u00bb global_colors_info=\u00a0\u00bb{}\u00a0\u00bb link_text_color__hover_enabled=\u00a0\u00bbon|hover\u00a0\u00bb link_text_color__hover=\u00a0\u00bb#669143&Prime;]<\/p>\n<p><span style=\"font-weight: 600;color: #333333\">3.8 Autres donn\u00e9es<\/span><\/p>\n<p><span>Nous collectons \u00e9galement des donn\u00e9es vous concernant dans d&rsquo;autres situations. Dans le cadre de proc\u00e9dures administratives ou judiciaires, par exemple, certaines donn\u00e9es (telles que des dossiers, des preuves, etc.) peuvent vous concerner. <\/span><\/p>\n<p>[\/et_pb_text][\/et_pb_column][\/et_pb_row][et_pb_row _builder_version=\u00a0\u00bb4.27.4&Prime; _module_preset=\u00a0\u00bb3f9f270a-4080-45ec-afe9-3af71458a861&Prime; global_colors_info=\u00a0\u00bb{}\u00a0\u00bb][et_pb_column type=\u00a0\u00bb4_4&Prime; _builder_version=\u00a0\u00bb4.27.4&Prime; _module_preset=\u00a0\u00bbdefault\u00a0\u00bb global_colors_info=\u00a0\u00bb{}\u00a0\u00bb][et_pb_text admin_label=\u00a0\u00bbParagraph\u00a0\u00bb _builder_version=\u00a0\u00bb4.27.4&Prime; _module_preset=\u00a0\u00bbdefault\u00a0\u00bb text_font=\u00a0\u00bbOutfit|300|||||||\u00a0\u00bb text_text_color=\u00a0\u00bb#666666&Prime; text_font_size=\u00a0\u00bb18px\u00a0\u00bb header_line_height=\u00a0\u00bb1.5em\u00a0\u00bb header_3_font=\u00a0\u00bbOutfit|600|||||||\u00a0\u00bb header_3_line_height=\u00a0\u00bb1.2em\u00a0\u00bb custom_margin=\u00a0\u00bb||12px||false|false\u00a0\u00bb text_font_size_tablet=\u00a0\u00bb17px\u00a0\u00bb text_font_size_phone=\u00a0\u00bb16px\u00a0\u00bb text_font_size_last_edited=\u00a0\u00bbon|phone\u00a0\u00bb global_colors_info=\u00a0\u00bb{}\u00a0\u00bb]<\/p>\n<h3 class=\"p1\">4. D&rsquo;o\u00f9 proviennent les donn\u00e9es personnelles ?<\/h3>\n<p>[\/et_pb_text][et_pb_text admin_label=\u00a0\u00bbParagraph\u00a0\u00bb _builder_version=\u00a0\u00bb4.27.4&Prime; _module_preset=\u00a0\u00bbdefault\u00a0\u00bb text_font=\u00a0\u00bbOutfit|300|||||||\u00a0\u00bb text_text_color=\u00a0\u00bb#666666&Prime; text_font_size=\u00a0\u00bb18px\u00a0\u00bb text_line_height=\u00a0\u00bb1.4em\u00a0\u00bb link_text_color=\u00a0\u00bb#666666&Prime; text_font_size_tablet=\u00a0\u00bb17px\u00a0\u00bb text_font_size_phone=\u00a0\u00bb16px\u00a0\u00bb text_font_size_last_edited=\u00a0\u00bbon|phone\u00a0\u00bb global_colors_info=\u00a0\u00bb{}\u00a0\u00bb link_text_color__hover_enabled=\u00a0\u00bbon|hover\u00a0\u00bb link_text_color__hover=\u00a0\u00bb#669143&Prime;]<\/p>\n<p>Vous nous communiquez souvent vous-m\u00eame vos donn\u00e9es personnelles, par exemple lorsque vous nous transmettez des donn\u00e9es ou communiquez avec nous. Vous nous communiquez g\u00e9n\u00e9ralement vous-m\u00eame vos donn\u00e9es de base, contractuelles et de communication. Vous nous communiquez \u00e9galement souvent vos donn\u00e9es pr\u00e9f\u00e9rentielles. Nous pouvons \u00e9galement collecter nous-m\u00eames ou de mani\u00e8re automatis\u00e9e des donn\u00e9es personnelles vous concernant. Il s&rsquo;agit souvent de donn\u00e9es comportementales et transactionnelles ainsi que de donn\u00e9es techniques. Nous pouvons \u00e9galement d\u00e9duire des donn\u00e9es personnelles \u00e0 partir de donn\u00e9es personnelles d\u00e9j\u00e0 existantes, par exemple en analysant des donn\u00e9es comportementales et transactionnelles. Ces donn\u00e9es personnelles d\u00e9duites sont souvent des donn\u00e9es relatives \u00e0 vos pr\u00e9f\u00e9rences. Nous pouvons \u00e9galement obtenir des donn\u00e9es personnelles vous concernant aupr\u00e8s de tiers, par exemple aupr\u00e8s d&rsquo;entreprises avec lesquelles nous collaborons, de personnes qui communiquent avec nous ou \u00e0 partir de sources publiques.       <\/p>\n<p>[\/et_pb_text][\/et_pb_column][\/et_pb_row][et_pb_row _builder_version=\u00a0\u00bb4.27.4&Prime; _module_preset=\u00a0\u00bb3f9f270a-4080-45ec-afe9-3af71458a861&Prime; global_colors_info=\u00a0\u00bb{}\u00a0\u00bb][et_pb_column type=\u00a0\u00bb4_4&Prime; _builder_version=\u00a0\u00bb4.27.4&Prime; _module_preset=\u00a0\u00bbdefault\u00a0\u00bb global_colors_info=\u00a0\u00bb{}\u00a0\u00bb][et_pb_text admin_label=\u00a0\u00bbParagraph\u00a0\u00bb _builder_version=\u00a0\u00bb4.27.4&Prime; _module_preset=\u00a0\u00bbdefault\u00a0\u00bb text_font=\u00a0\u00bbOutfit|300|||||||\u00a0\u00bb text_text_color=\u00a0\u00bb#666666&Prime; text_font_size=\u00a0\u00bb18px\u00a0\u00bb header_line_height=\u00a0\u00bb1.5em\u00a0\u00bb header_3_font=\u00a0\u00bbOutfit|600|||||||\u00a0\u00bb header_3_line_height=\u00a0\u00bb1.2em\u00a0\u00bb custom_margin=\u00a0\u00bb||12px||false|false\u00a0\u00bb text_font_size_tablet=\u00a0\u00bb17px\u00a0\u00bb text_font_size_phone=\u00a0\u00bb16px\u00a0\u00bb text_font_size_last_edited=\u00a0\u00bbon|phone\u00a0\u00bb global_colors_info=\u00a0\u00bb{}\u00a0\u00bb]<\/p>\n<h3 class=\"p1\">5. \u00c0 quelles fins et sur quelle base juridique traitons-nous les donn\u00e9es personnelles ?<\/h3>\n<p>[\/et_pb_text][et_pb_text admin_label=\u00a0\u00bbParagraph\u00a0\u00bb _builder_version=\u00a0\u00bb4.27.4&Prime; _module_preset=\u00a0\u00bbdefault\u00a0\u00bb text_font=\u00a0\u00bbOutfit|300|||||||\u00a0\u00bb text_text_color=\u00a0\u00bb#666666&Prime; text_font_size=\u00a0\u00bb18px\u00a0\u00bb text_line_height=\u00a0\u00bb1.4em\u00a0\u00bb link_text_color=\u00a0\u00bb#666666&Prime; text_font_size_tablet=\u00a0\u00bb17px\u00a0\u00bb text_font_size_phone=\u00a0\u00bb16px\u00a0\u00bb text_font_size_last_edited=\u00a0\u00bbon|phone\u00a0\u00bb global_colors_info=\u00a0\u00bb{}\u00a0\u00bb link_text_color__hover_enabled=\u00a0\u00bbon|hover\u00a0\u00bb link_text_color__hover=\u00a0\u00bb#669143&Prime;]<\/p>\n<p>Nous traitons vos donn\u00e9es personnelles aux fins suivantes, sur la base des fondements juridiques suivants, dans la mesure o\u00f9 cela est requis par la l\u00e9gislation applicable en mati\u00e8re de protection des donn\u00e9es :<\/p>\n<ul>\n<li>Ex\u00e9cution du contrat ;<\/li>\n<li>Accomplissement d&rsquo;obligations l\u00e9gales ;<\/li>\n<li>Consentement donn\u00e9 \u00e0 nous-m\u00eames ou \u00e0 des tiers ;<\/li>\n<li>Int\u00e9r\u00eats l\u00e9gitimes de notre part et de tiers, notamment :<\/li>\n<li>Offre et prestation de services ;<\/li>\n<li>Publicit\u00e9 et marketing ;<\/li>\n<li>Maintenir le contact et communiquer avec vous ;<\/li>\n<li>Gestion des utilisateurs, v\u00e9rifications d&rsquo;identit\u00e9, connexions ;<\/li>\n<li>Respect des obligations l\u00e9gales et r\u00e9glementaires, application de la loi, proc\u00e9dures civiles,<\/li>\n<li>administratives et p\u00e9nales, plaintes, enqu\u00eates et r\u00e9ponses aux demandes des autorit\u00e9s publiques.<\/li>\n<\/ul>\n<p>[\/et_pb_text][\/et_pb_column][\/et_pb_row][et_pb_row _builder_version=\u00a0\u00bb4.27.4&Prime; _module_preset=\u00a0\u00bb3f9f270a-4080-45ec-afe9-3af71458a861&Prime; global_colors_info=\u00a0\u00bb{}\u00a0\u00bb][et_pb_column type=\u00a0\u00bb4_4&Prime; _builder_version=\u00a0\u00bb4.27.4&Prime; _module_preset=\u00a0\u00bbdefault\u00a0\u00bb global_colors_info=\u00a0\u00bb{}\u00a0\u00bb][et_pb_text admin_label=\u00a0\u00bbParagraph\u00a0\u00bb _builder_version=\u00a0\u00bb4.27.4&Prime; _module_preset=\u00a0\u00bbdefault\u00a0\u00bb text_font=\u00a0\u00bbOutfit|300|||||||\u00a0\u00bb text_text_color=\u00a0\u00bb#666666&Prime; text_font_size=\u00a0\u00bb18px\u00a0\u00bb header_line_height=\u00a0\u00bb1.5em\u00a0\u00bb header_3_font=\u00a0\u00bbOutfit|600|||||||\u00a0\u00bb header_3_line_height=\u00a0\u00bb1.2em\u00a0\u00bb custom_margin=\u00a0\u00bb||12px||false|false\u00a0\u00bb text_font_size_tablet=\u00a0\u00bb17px\u00a0\u00bb text_font_size_phone=\u00a0\u00bb16px\u00a0\u00bb text_font_size_last_edited=\u00a0\u00bbon|phone\u00a0\u00bb global_colors_info=\u00a0\u00bb{}\u00a0\u00bb]<\/p>\n<h3 class=\"p1\">6. Quand et \u00e0 qui transmettons-nous des donn\u00e9es personnelles ?<\/h3>\n<p>[\/et_pb_text][et_pb_text admin_label=\u00a0\u00bbParagraph\u00a0\u00bb _builder_version=\u00a0\u00bb4.27.5&Prime; _module_preset=\u00a0\u00bbdefault\u00a0\u00bb text_font=\u00a0\u00bbOutfit|300|||||||\u00a0\u00bb text_text_color=\u00a0\u00bb#666666&Prime; text_font_size=\u00a0\u00bb18px\u00a0\u00bb text_line_height=\u00a0\u00bb1.4em\u00a0\u00bb link_text_color=\u00a0\u00bb#669143&Prime; hover_enabled=\u00a0\u00bb0&Prime; text_font_size_tablet=\u00a0\u00bb17px\u00a0\u00bb text_font_size_phone=\u00a0\u00bb16px\u00a0\u00bb text_font_size_last_edited=\u00a0\u00bbon|phone\u00a0\u00bb global_colors_info=\u00a0\u00bb{}\u00a0\u00bb link_text_color__hover_enabled=\u00a0\u00bbon|hover\u00a0\u00bb link_text_color__hover=\u00a0\u00bb#669143&Prime; sticky_enabled=\u00a0\u00bb0&Prime;]<\/p>\n<p>Nous pouvons transmettre vos donn\u00e9es personnelles \u00e0 d&rsquo;autres entreprises lorsque nous recourons \u00e0 leurs services. En r\u00e8gle g\u00e9n\u00e9rale, ces prestataires traitent les donn\u00e9es personnelles pour notre compte en tant que \u00ab sous-traitants \u00bb. Nos sous-traitants sont tenus de traiter les donn\u00e9es personnelles exclusivement selon nos instructions et de prendre les mesures appropri\u00e9es pour assurer la s\u00e9curit\u00e9 des donn\u00e9es. Certains prestataires de services sont \u00e9galement responsables conjointement avec nous ou de mani\u00e8re ind\u00e9pendante (par exemple, les soci\u00e9t\u00e9s de recouvrement). En s\u00e9lectionnant les prestataires de services et en concluant des accords contractuels appropri\u00e9s, nous garantissons la protection des donn\u00e9es pendant tout le traitement de vos donn\u00e9es personnelles.    <\/p>\n<p>Dans certains cas, il est \u00e9galement possible que nous transmettions des donn\u00e9es personnelles \u00e0 d&rsquo;autres tiers \u00e0 leurs propres fins, par exemple si vous nous avez donn\u00e9 votre consentement ou si nous sommes l\u00e9galement tenus ou autoris\u00e9s \u00e0 les transmettre. Dans ces cas, le destinataire des donn\u00e9es est lui-m\u00eame responsable au regard de la l\u00e9gislation sur la protection des donn\u00e9es. <\/p>\n<p>Veuillez \u00e9galement prendre connaissance de notre <a href=\"https:\/\/drogerieaebi.ch\/fr\/cookie-policy\/\">Cookie Policy<\/a> concernant la collecte ind\u00e9pendante de donn\u00e9es par des fournisseurs tiers dont nous avons int\u00e9gr\u00e9 les outils \u00e0 notre site web.<\/p>\n<p>[\/et_pb_text][\/et_pb_column][\/et_pb_row][et_pb_row _builder_version=\u00a0\u00bb4.27.4&Prime; _module_preset=\u00a0\u00bb3f9f270a-4080-45ec-afe9-3af71458a861&Prime; global_colors_info=\u00a0\u00bb{}\u00a0\u00bb][et_pb_column type=\u00a0\u00bb4_4&Prime; _builder_version=\u00a0\u00bb4.27.4&Prime; _module_preset=\u00a0\u00bbdefault\u00a0\u00bb global_colors_info=\u00a0\u00bb{}\u00a0\u00bb][et_pb_text admin_label=\u00a0\u00bbParagraph\u00a0\u00bb _builder_version=\u00a0\u00bb4.27.4&Prime; _module_preset=\u00a0\u00bbdefault\u00a0\u00bb text_font=\u00a0\u00bbOutfit|300|||||||\u00a0\u00bb text_text_color=\u00a0\u00bb#666666&Prime; text_font_size=\u00a0\u00bb18px\u00a0\u00bb header_line_height=\u00a0\u00bb1.5em\u00a0\u00bb header_3_font=\u00a0\u00bbOutfit|600|||||||\u00a0\u00bb header_3_line_height=\u00a0\u00bb1.2em\u00a0\u00bb custom_margin=\u00a0\u00bb||12px||false|false\u00a0\u00bb text_font_size_tablet=\u00a0\u00bb17px\u00a0\u00bb text_font_size_phone=\u00a0\u00bb16px\u00a0\u00bb text_font_size_last_edited=\u00a0\u00bbon|phone\u00a0\u00bb global_colors_info=\u00a0\u00bb{}\u00a0\u00bb]<\/p>\n<h3 class=\"p1\">6. Transmettons-nous des donn\u00e9es personnelles \u00e0 l&rsquo;\u00e9tranger ?<\/h3>\n<p>[\/et_pb_text][et_pb_text admin_label=\u00a0\u00bbParagraph\u00a0\u00bb _builder_version=\u00a0\u00bb4.27.4&Prime; _module_preset=\u00a0\u00bbdefault\u00a0\u00bb text_font=\u00a0\u00bbOutfit|300|||||||\u00a0\u00bb text_text_color=\u00a0\u00bb#666666&Prime; text_font_size=\u00a0\u00bb18px\u00a0\u00bb text_line_height=\u00a0\u00bb1.4em\u00a0\u00bb link_text_color=\u00a0\u00bb#666666&Prime; text_font_size_tablet=\u00a0\u00bb17px\u00a0\u00bb text_font_size_phone=\u00a0\u00bb16px\u00a0\u00bb text_font_size_last_edited=\u00a0\u00bbon|phone\u00a0\u00bb global_colors_info=\u00a0\u00bb{}\u00a0\u00bb link_text_color__hover_enabled=\u00a0\u00bbon|hover\u00a0\u00bb link_text_color__hover=\u00a0\u00bb#669143&Prime;]<\/p>\n<p>Vos donn\u00e9es personnelles sont principalement stock\u00e9es en Suisse et dans l&rsquo;Espace \u00e9conomique europ\u00e9en (EEE). Elles peuvent \u00e9galement se trouver en dehors de l&rsquo;EEE, dans des cas exceptionnels dans n&rsquo;importe quel pays du monde. Les pays concern\u00e9s peuvent ne pas disposer de lois prot\u00e9geant vos donn\u00e9es personnelles dans la m\u00eame mesure qu&rsquo;en Suisse ou dans l&rsquo;EEE. Si nous transf\u00e9rons vos donn\u00e9es personnelles vers un tel pays, nous garantissons leur protection de mani\u00e8re appropri\u00e9e.   <\/p>\n<p>[\/et_pb_text][\/et_pb_column][\/et_pb_row][et_pb_row _builder_version=\u00a0\u00bb4.27.4&Prime; _module_preset=\u00a0\u00bb3f9f270a-4080-45ec-afe9-3af71458a861&Prime; global_colors_info=\u00a0\u00bb{}\u00a0\u00bb][et_pb_column type=\u00a0\u00bb4_4&Prime; _builder_version=\u00a0\u00bb4.27.4&Prime; _module_preset=\u00a0\u00bbdefault\u00a0\u00bb global_colors_info=\u00a0\u00bb{}\u00a0\u00bb][et_pb_text admin_label=\u00a0\u00bbParagraph\u00a0\u00bb _builder_version=\u00a0\u00bb4.27.4&Prime; _module_preset=\u00a0\u00bbdefault\u00a0\u00bb text_font=\u00a0\u00bbOutfit|300|||||||\u00a0\u00bb text_text_color=\u00a0\u00bb#666666&Prime; text_font_size=\u00a0\u00bb18px\u00a0\u00bb header_line_height=\u00a0\u00bb1.5em\u00a0\u00bb header_3_font=\u00a0\u00bbOutfit|600|||||||\u00a0\u00bb header_3_line_height=\u00a0\u00bb1.2em\u00a0\u00bb custom_margin=\u00a0\u00bb||12px||false|false\u00a0\u00bb text_font_size_tablet=\u00a0\u00bb17px\u00a0\u00bb text_font_size_phone=\u00a0\u00bb16px\u00a0\u00bb text_font_size_last_edited=\u00a0\u00bbon|phone\u00a0\u00bb global_colors_info=\u00a0\u00bb{}\u00a0\u00bb]<\/p>\n<h3 class=\"p1\">7. Comment traitons-nous les donn\u00e9es personnelles particuli\u00e8rement sensibles ?<\/h3>\n<p>[\/et_pb_text][et_pb_text admin_label=\u00a0\u00bbParagraph\u00a0\u00bb _builder_version=\u00a0\u00bb4.27.4&Prime; _module_preset=\u00a0\u00bbdefault\u00a0\u00bb text_font=\u00a0\u00bbOutfit|300|||||||\u00a0\u00bb text_text_color=\u00a0\u00bb#666666&Prime; text_font_size=\u00a0\u00bb18px\u00a0\u00bb text_line_height=\u00a0\u00bb1.4em\u00a0\u00bb link_text_color=\u00a0\u00bb#666666&Prime; text_font_size_tablet=\u00a0\u00bb17px\u00a0\u00bb text_font_size_phone=\u00a0\u00bb16px\u00a0\u00bb text_font_size_last_edited=\u00a0\u00bbon|phone\u00a0\u00bb global_colors_info=\u00a0\u00bb{}\u00a0\u00bb link_text_color__hover_enabled=\u00a0\u00bbon|hover\u00a0\u00bb link_text_color__hover=\u00a0\u00bb#669143&Prime;]<\/p>\n<p>Certains types de donn\u00e9es personnelles peuvent \u00eatre consid\u00e9r\u00e9s comme \u00ab particuli\u00e8rement sensibles \u00bb au regard de la l\u00e9gislation sur la protection des donn\u00e9es. Selon le contexte, les cat\u00e9gories de donn\u00e9es personnelles mentionn\u00e9es au point 3 peuvent inclure des donn\u00e9es personnelles particuli\u00e8rement sensibles (par exemple, des donn\u00e9es relatives \u00e0 la sant\u00e9). Toutefois, nous ne traitons g\u00e9n\u00e9ralement les donn\u00e9es personnelles particuli\u00e8rement sensibles que si cela est n\u00e9cessaire \u00e0 la fourniture d&rsquo;un service, si vous nous avez communiqu\u00e9 ces donn\u00e9es ou si vous avez consenti \u00e0 leur traitement. Nous pouvons \u00e9galement traiter des donn\u00e9es personnelles particuli\u00e8rement sensibles si cela est n\u00e9cessaire pour garantir le respect du droit ou pour se conformer \u00e0 des dispositions l\u00e9gales nationales ou \u00e9trang\u00e8res, si les donn\u00e9es correspondantes ont manifestement \u00e9t\u00e9 rendues publiques par la personne concern\u00e9e ou si le droit applicable autorise leur traitement.   <\/p>\n<p>[\/et_pb_text][\/et_pb_column][\/et_pb_row][et_pb_row _builder_version=\u00a0\u00bb4.27.4&Prime; _module_preset=\u00a0\u00bb3f9f270a-4080-45ec-afe9-3af71458a861&Prime; global_colors_info=\u00a0\u00bb{}\u00a0\u00bb][et_pb_column type=\u00a0\u00bb4_4&Prime; _builder_version=\u00a0\u00bb4.27.4&Prime; _module_preset=\u00a0\u00bbdefault\u00a0\u00bb global_colors_info=\u00a0\u00bb{}\u00a0\u00bb][et_pb_text admin_label=\u00a0\u00bbParagraph\u00a0\u00bb _builder_version=\u00a0\u00bb4.27.4&Prime; _module_preset=\u00a0\u00bbdefault\u00a0\u00bb text_font=\u00a0\u00bbOutfit|300|||||||\u00a0\u00bb text_text_color=\u00a0\u00bb#666666&Prime; text_font_size=\u00a0\u00bb18px\u00a0\u00bb header_line_height=\u00a0\u00bb1.5em\u00a0\u00bb header_3_font=\u00a0\u00bbOutfit|600|||||||\u00a0\u00bb header_3_line_height=\u00a0\u00bb1.2em\u00a0\u00bb custom_margin=\u00a0\u00bb||12px||false|false\u00a0\u00bb text_font_size_tablet=\u00a0\u00bb17px\u00a0\u00bb text_font_size_phone=\u00a0\u00bb16px\u00a0\u00bb text_font_size_last_edited=\u00a0\u00bbon|phone\u00a0\u00bb global_colors_info=\u00a0\u00bb{}\u00a0\u00bb]<\/p>\n<h3 class=\"p1\">8. Comment prot\u00e9geons-nous vos donn\u00e9es personnelles ?<\/h3>\n<p>[\/et_pb_text][et_pb_text admin_label=\u00a0\u00bbParagraph\u00a0\u00bb _builder_version=\u00a0\u00bb4.27.4&Prime; _module_preset=\u00a0\u00bbdefault\u00a0\u00bb text_font=\u00a0\u00bbOutfit|300|||||||\u00a0\u00bb text_text_color=\u00a0\u00bb#666666&Prime; text_font_size=\u00a0\u00bb18px\u00a0\u00bb text_line_height=\u00a0\u00bb1.4em\u00a0\u00bb link_text_color=\u00a0\u00bb#666666&Prime; text_font_size_tablet=\u00a0\u00bb17px\u00a0\u00bb text_font_size_phone=\u00a0\u00bb16px\u00a0\u00bb text_font_size_last_edited=\u00a0\u00bbon|phone\u00a0\u00bb global_colors_info=\u00a0\u00bb{}\u00a0\u00bb link_text_color__hover_enabled=\u00a0\u00bbon|hover\u00a0\u00bb link_text_color__hover=\u00a0\u00bb#669143&Prime;]Nous appliquons des mesures de s\u00e9curit\u00e9 techniques et organisationnelles appropri\u00e9es afin de prot\u00e9ger vos donn\u00e9es contre toute manipulation accidentelle ou intentionnelle, perte partielle ou totale, destruction ou acc\u00e8s non autoris\u00e9 par des tiers. Nos mesures de s\u00e9curit\u00e9 sont am\u00e9lior\u00e9es en permanence en fonction des \u00e9volutions technologiques.[\/et_pb_text][\/et_pb_column][\/et_pb_row][et_pb_row _builder_version=\u00a0\u00bb4.27.4&Prime; _module_preset=\u00a0\u00bb3f9f270a-4080-45ec-afe9-3af71458a861&Prime; global_colors_info=\u00a0\u00bb{}\u00a0\u00bb][et_pb_column type=\u00a0\u00bb4_4&Prime; _builder_version=\u00a0\u00bb4.27.4&Prime; _module_preset=\u00a0\u00bbdefault\u00a0\u00bb global_colors_info=\u00a0\u00bb{}\u00a0\u00bb][et_pb_text admin_label=\u00a0\u00bbParagraph\u00a0\u00bb _builder_version=\u00a0\u00bb4.27.4&Prime; _module_preset=\u00a0\u00bbdefault\u00a0\u00bb text_font=\u00a0\u00bbOutfit|300|||||||\u00a0\u00bb text_text_color=\u00a0\u00bb#666666&Prime; text_font_size=\u00a0\u00bb18px\u00a0\u00bb header_line_height=\u00a0\u00bb1.5em\u00a0\u00bb header_3_font=\u00a0\u00bbOutfit|600|||||||\u00a0\u00bb header_3_line_height=\u00a0\u00bb1.2em\u00a0\u00bb custom_margin=\u00a0\u00bb||12px||false|false\u00a0\u00bb text_font_size_tablet=\u00a0\u00bb17px\u00a0\u00bb text_font_size_phone=\u00a0\u00bb16px\u00a0\u00bb text_font_size_last_edited=\u00a0\u00bbon|phone\u00a0\u00bb global_colors_info=\u00a0\u00bb{}\u00a0\u00bb]<\/p>\n<h3 class=\"p1\">7. Combien de temps conservons-nous vos donn\u00e9es personnelles ?<\/h3>\n<p>[\/et_pb_text][et_pb_text admin_label=\u00a0\u00bbParagraph\u00a0\u00bb _builder_version=\u00a0\u00bb4.27.4&Prime; _module_preset=\u00a0\u00bbdefault\u00a0\u00bb text_font=\u00a0\u00bbOutfit|300|||||||\u00a0\u00bb text_text_color=\u00a0\u00bb#666666&Prime; text_font_size=\u00a0\u00bb18px\u00a0\u00bb text_line_height=\u00a0\u00bb1.4em\u00a0\u00bb link_text_color=\u00a0\u00bb#666666&Prime; text_font_size_tablet=\u00a0\u00bb17px\u00a0\u00bb text_font_size_phone=\u00a0\u00bb16px\u00a0\u00bb text_font_size_last_edited=\u00a0\u00bbon|phone\u00a0\u00bb global_colors_info=\u00a0\u00bb{}\u00a0\u00bb link_text_color__hover_enabled=\u00a0\u00bbon|hover\u00a0\u00bb link_text_color__hover=\u00a0\u00bb#669143&Prime;]<\/p>\n<p>Nous traitons et conservons vos donn\u00e9es personnelles<\/p>\n<ul>\n<li>aussi longtemps que cela est n\u00e9cessaire aux fins du traitement ou \u00e0 des fins compatibles avec celui-ci, g\u00e9n\u00e9ralement pendant toute la dur\u00e9e de la relation contractuelle dans le cas des contrats ;<\/li>\n<li>tant que nous avons un int\u00e9r\u00eat l\u00e9gitime \u00e0 les conserver. Cela peut notamment \u00eatre le cas lorsque nous avons besoin de donn\u00e9es personnelles pour faire valoir ou d\u00e9fendre des droits, \u00e0 des fins d&rsquo;archivage et pour garantir la s\u00e9curit\u00e9 informatique ; <\/li>\n<li>tant qu&rsquo;elles sont soumises \u00e0 une obligation l\u00e9gale de conservation. Certaines donn\u00e9es sont soumises \u00e0 des d\u00e9lais de conservation de dix ans ou plus. D&rsquo;autres donn\u00e9es sont soumises \u00e0 des d\u00e9lais de conservation plus courts, par exemple les enregistrements issus de la vid\u00e9osurveillance ou les enregistrements de certaines op\u00e9rations sur Internet (donn\u00e9es de connexion).  <\/li>\n<\/ul>\n<p>[\/et_pb_text][\/et_pb_column][\/et_pb_row][et_pb_row _builder_version=\u00a0\u00bb4.27.4&Prime; _module_preset=\u00a0\u00bb3f9f270a-4080-45ec-afe9-3af71458a861&Prime; global_colors_info=\u00a0\u00bb{}\u00a0\u00bb][et_pb_column type=\u00a0\u00bb4_4&Prime; _builder_version=\u00a0\u00bb4.27.4&Prime; _module_preset=\u00a0\u00bbdefault\u00a0\u00bb global_colors_info=\u00a0\u00bb{}\u00a0\u00bb][et_pb_text admin_label=\u00a0\u00bbParagraph\u00a0\u00bb _builder_version=\u00a0\u00bb4.27.4&Prime; _module_preset=\u00a0\u00bbdefault\u00a0\u00bb text_font=\u00a0\u00bbOutfit|300|||||||\u00a0\u00bb text_text_color=\u00a0\u00bb#666666&Prime; text_font_size=\u00a0\u00bb18px\u00a0\u00bb header_line_height=\u00a0\u00bb1.5em\u00a0\u00bb header_3_font=\u00a0\u00bbOutfit|600|||||||\u00a0\u00bb header_3_line_height=\u00a0\u00bb1.2em\u00a0\u00bb custom_margin=\u00a0\u00bb||12px||false|false\u00a0\u00bb text_font_size_tablet=\u00a0\u00bb17px\u00a0\u00bb text_font_size_phone=\u00a0\u00bb16px\u00a0\u00bb text_font_size_last_edited=\u00a0\u00bbon|phone\u00a0\u00bb global_colors_info=\u00a0\u00bb{}\u00a0\u00bb]<\/p>\n<h3 class=\"p1\">9. Quels sont vos droits ?<\/h3>\n<p>[\/et_pb_text][et_pb_text admin_label=\u00a0\u00bbParagraph\u00a0\u00bb _builder_version=\u00a0\u00bb4.27.4&Prime; _module_preset=\u00a0\u00bbdefault\u00a0\u00bb text_font=\u00a0\u00bbOutfit|300|||||||\u00a0\u00bb text_text_color=\u00a0\u00bb#666666&Prime; text_font_size=\u00a0\u00bb18px\u00a0\u00bb text_line_height=\u00a0\u00bb1.4em\u00a0\u00bb link_text_color=\u00a0\u00bb#669143&Prime; text_font_size_tablet=\u00a0\u00bb17px\u00a0\u00bb text_font_size_phone=\u00a0\u00bb16px\u00a0\u00bb text_font_size_last_edited=\u00a0\u00bbon|phone\u00a0\u00bb global_colors_info=\u00a0\u00bb{}\u00a0\u00bb link_text_color__hover_enabled=\u00a0\u00bbon|hover\u00a0\u00bb link_text_color__hover=\u00a0\u00bb#669143&Prime;]<\/p>\n<div id=\"c3134\" class=\"frame frame-default frame-type-textpic frame-layout-0\">\n<div class=\"ce-textpic ce-center ce-above\">\n<div class=\"ce-bodytext\">\n<p>La l\u00e9gislation applicable en mati\u00e8re de protection des donn\u00e9es vous accorde, dans certaines circonstances, le droit de vous opposer au traitement de vos donn\u00e9es, en particulier celles utilis\u00e9es \u00e0 des fins de marketing direct (par exemple, les e-mails publicitaires), de profilage \u00e0 des fins de publicit\u00e9 directe et d&rsquo;autres int\u00e9r\u00eats l\u00e9gitimes li\u00e9s au traitement.<\/p>\n<p>Dans la mesure o\u00f9 les conditions applicables sont remplies et qu&rsquo;aucune exception l\u00e9gale ne s&rsquo;applique, vous disposez \u00e9galement des droits suivants :<\/p>\n<ul>\n<li class=\"WWListBullets0\">le droit de nous demander si nous traitons des donn\u00e9es vous concernant et, le cas \u00e9ch\u00e9ant, lesquelles ;<\/li>\n<li class=\"WWListBullets0\">le droit de faire corriger des donn\u00e9es personnelles inexactes ;<\/li>\n<li class=\"WWListBullets0\">le droit de demander la suppression de vos donn\u00e9es personnelles ;<\/li>\n<li class=\"WWListBullets0\">le droit de nous demander de fournir certaines donn\u00e9es \u00e0 caract\u00e8re personnel dans un format \u00e9lectronique courant ou de les transf\u00e9rer \u00e0 un autre responsable du traitement ;<\/li>\n<li class=\"WWListBullets0\">le droit de retirer son consentement avec effet pour l&rsquo;avenir, dans la mesure o\u00f9 le traitement repose sur un consentement ;<\/li>\n<li class=\"WWListBullets0\">le droit, dans le cas de d\u00e9cisions individuelles automatis\u00e9es (point 12), d&rsquo;exposer votre point de vue et d&rsquo;exiger que la d\u00e9cision soit r\u00e9examin\u00e9e par une personne physique ;<\/li>\n<li class=\"WWListBullets0\">le droit d&rsquo;obtenir, sur demande, des informations suppl\u00e9mentaires utiles \u00e0 l&rsquo;exercice de ces droits.<\/li>\n<\/ul>\n<p class=\"Fliesstext\">Veuillez noter que ces droits peuvent \u00eatre limit\u00e9s ou exclus dans certains cas particuliers, par exemple en cas de doute sur l&rsquo;identit\u00e9 ou si cela est n\u00e9cessaire pour prot\u00e9ger d&rsquo;autres personnes, pour pr\u00e9server des int\u00e9r\u00eats dignes de protection ou pour respecter des obligations l\u00e9gales.<\/p>\n<p class=\"Fliesstext\">Si vous souhaitez exercer ces droits, veuillez nous contacter conform\u00e9ment au point 10.<\/p>\n<p class=\"Fliesstext\">Vous \u00eates \u00e9galement libre de d\u00e9poser une plainte aupr\u00e8s de <a href=\"https:\/\/www.edoeb.admin.ch\/edoeb\/de\/home.html\" target=\"_blank\" rel=\"noopener\">l&rsquo;autorit\u00e9 de contr\u00f4le comp\u00e9tente<\/a> si vous avez des doutes quant \u00e0 la conformit\u00e9 l\u00e9gale du traitement de vos donn\u00e9es personnelles.<\/p>\n<\/div>\n<\/div>\n<\/div>\n<p>[\/et_pb_text][\/et_pb_column][\/et_pb_row][et_pb_row _builder_version=\u00a0\u00bb4.27.4&Prime; _module_preset=\u00a0\u00bb3f9f270a-4080-45ec-afe9-3af71458a861&Prime; global_colors_info=\u00a0\u00bb{}\u00a0\u00bb][et_pb_column type=\u00a0\u00bb4_4&Prime; _builder_version=\u00a0\u00bb4.27.4&Prime; _module_preset=\u00a0\u00bbdefault\u00a0\u00bb global_colors_info=\u00a0\u00bb{}\u00a0\u00bb][et_pb_text admin_label=\u00a0\u00bbParagraph\u00a0\u00bb _builder_version=\u00a0\u00bb4.27.4&Prime; _module_preset=\u00a0\u00bbdefault\u00a0\u00bb text_font=\u00a0\u00bbOutfit|300|||||||\u00a0\u00bb text_text_color=\u00a0\u00bb#666666&Prime; text_font_size=\u00a0\u00bb18px\u00a0\u00bb header_line_height=\u00a0\u00bb1.5em\u00a0\u00bb header_3_font=\u00a0\u00bbOutfit|600|||||||\u00a0\u00bb header_3_line_height=\u00a0\u00bb1.2em\u00a0\u00bb custom_margin=\u00a0\u00bb||12px||false|false\u00a0\u00bb text_font_size_tablet=\u00a0\u00bb17px\u00a0\u00bb text_font_size_phone=\u00a0\u00bb16px\u00a0\u00bb text_font_size_last_edited=\u00a0\u00bbon|phone\u00a0\u00bb global_colors_info=\u00a0\u00bb{}\u00a0\u00bb]<\/p>\n<h3 class=\"p1\">10. Comment nous contacter ?<\/h3>\n<p>[\/et_pb_text][et_pb_text admin_label=\u00a0\u00bbParagraph\u00a0\u00bb _builder_version=\u00a0\u00bb4.27.4&Prime; _module_preset=\u00a0\u00bbdefault\u00a0\u00bb text_font=\u00a0\u00bbOutfit|300|||||||\u00a0\u00bb text_text_color=\u00a0\u00bb#666666&Prime; text_font_size=\u00a0\u00bb18px\u00a0\u00bb text_line_height=\u00a0\u00bb1.4em\u00a0\u00bb link_text_color=\u00a0\u00bb#666666&Prime; text_font_size_tablet=\u00a0\u00bb17px\u00a0\u00bb text_font_size_phone=\u00a0\u00bb16px\u00a0\u00bb text_font_size_last_edited=\u00a0\u00bbon|phone\u00a0\u00bb global_colors_info=\u00a0\u00bb{}\u00a0\u00bb link_text_color__hover_enabled=\u00a0\u00bbon|hover\u00a0\u00bb link_text_color__hover=\u00a0\u00bb#669143&Prime;]<\/p>\n<p class=\"p1\"><span>Si vous avez des questions concernant cette d\u00e9claration de confidentialit\u00e9 ou le traitement de vos donn\u00e9es personnelles, n&rsquo;h\u00e9sitez pas \u00e0 nous contacter comme suit :<\/span><\/p>\n<p class=\"p1\">Drogerie Aebi<br \/>c\/o Reichenbach Drogerie S\u00e0rl<br \/>Hauptgasse 50<br \/>3280 Morat<\/p>\n<p class=\"p1\"><a href=\"tel:+41266702689\">+41 26 670 26 89<\/a><br \/><a href=\"mailto:drogerie.aebi@bluewin.ch\">drogerie.aebi@bluewin.ch<\/a><\/p>\n<p>[\/et_pb_text][\/et_pb_column][\/et_pb_row][et_pb_row _builder_version=\u00a0\u00bb4.27.4&Prime; _module_preset=\u00a0\u00bb3f9f270a-4080-45ec-afe9-3af71458a861&Prime; global_colors_info=\u00a0\u00bb{}\u00a0\u00bb][et_pb_column type=\u00a0\u00bb4_4&Prime; _builder_version=\u00a0\u00bb4.27.4&Prime; _module_preset=\u00a0\u00bbdefault\u00a0\u00bb global_colors_info=\u00a0\u00bb{}\u00a0\u00bb][et_pb_text admin_label=\u00a0\u00bbParagraph\u00a0\u00bb _builder_version=\u00a0\u00bb4.27.4&Prime; _module_preset=\u00a0\u00bbdefault\u00a0\u00bb text_font=\u00a0\u00bbOutfit|300|||||||\u00a0\u00bb text_text_color=\u00a0\u00bb#666666&Prime; text_font_size=\u00a0\u00bb18px\u00a0\u00bb header_line_height=\u00a0\u00bb1.5em\u00a0\u00bb header_3_font=\u00a0\u00bbOutfit|600|||||||\u00a0\u00bb header_3_line_height=\u00a0\u00bb1.2em\u00a0\u00bb custom_margin=\u00a0\u00bb||12px||false|false\u00a0\u00bb text_font_size_tablet=\u00a0\u00bb17px\u00a0\u00bb text_font_size_phone=\u00a0\u00bb16px\u00a0\u00bb text_font_size_last_edited=\u00a0\u00bbon|phone\u00a0\u00bb global_colors_info=\u00a0\u00bb{}\u00a0\u00bb]<\/p>\n<h3 class=\"p1\">11. Modification de la pr\u00e9sente d\u00e9claration de confidentialit\u00e9<\/h3>\n<p>[\/et_pb_text][et_pb_text admin_label=\u00a0\u00bbParagraph\u00a0\u00bb _builder_version=\u00a0\u00bb4.27.4&Prime; _module_preset=\u00a0\u00bbdefault\u00a0\u00bb text_font=\u00a0\u00bbOutfit|300|||||||\u00a0\u00bb text_text_color=\u00a0\u00bb#666666&Prime; text_font_size=\u00a0\u00bb18px\u00a0\u00bb text_line_height=\u00a0\u00bb1.4em\u00a0\u00bb link_text_color=\u00a0\u00bb#666666&Prime; text_font_size_tablet=\u00a0\u00bb17px\u00a0\u00bb text_font_size_phone=\u00a0\u00bb16px\u00a0\u00bb text_font_size_last_edited=\u00a0\u00bbon|phone\u00a0\u00bb global_colors_info=\u00a0\u00bb{}\u00a0\u00bb link_text_color__hover_enabled=\u00a0\u00bbon|hover\u00a0\u00bb link_text_color__hover=\u00a0\u00bb#669143&Prime;]<\/p>\n<p>La pr\u00e9sente d\u00e9claration de confidentialit\u00e9 peut \u00eatre modifi\u00e9e au fil du temps, notamment si nous modifions nos traitements de donn\u00e9es ou si de nouvelles dispositions l\u00e9gales entrent en vigueur. Nous informons activement les personnes dont les coordonn\u00e9es sont enregistr\u00e9es chez nous de tout changement important, dans la mesure o\u00f9 cela est possible sans effort disproportionn\u00e9. En r\u00e8gle g\u00e9n\u00e9rale, le traitement des donn\u00e9es est soumis \u00e0 la d\u00e9claration de confidentialit\u00e9 en vigueur au moment o\u00f9 le traitement concern\u00e9 commence.  <\/p>\n<p>Morat, Ao\u00fbt 2025<\/p>\n<p>[\/et_pb_text][\/et_pb_column][\/et_pb_row][\/et_pb_section]<\/p>\n","protected":false},"excerpt":{"rendered":"<p>Politique de confidentialit\u00e91. Quel est l&rsquo;objet de cette d\u00e9claration de confidentialit\u00e9 ?Dans la pr\u00e9sente d\u00e9claration de confidentialit\u00e9, nous vous informons de la mani\u00e8re dont nous collectons, traitons et utilisons vos donn\u00e9es personnelles, ainsi que des fins auxquelles nous le faisons. Le terme \u00ab donn\u00e9es \u00bb est synonyme de \u00ab donn\u00e9es personnelles \u00bb. Dans cette d\u00e9claration\u2026 <a class=\"more-link\" href=\"https:\/\/drogerieaebi.ch\/fr\/protection-des-donnees\/\">En savoir plus<\/a><\/p>\n","protected":false},"author":1,"featured_media":0,"parent":0,"menu_order":0,"comment_status":"closed","ping_status":"closed","template":"","meta":{"_acf_changed":false,"_et_pb_use_builder":"on","_et_pb_old_content":"","_et_gb_content_width":"","iawp_total_views":1,"footnotes":""},"class_list":["post-1242","page","type-page","status-publish","hentry"],"acf":[],"_links":{"self":[{"href":"https:\/\/drogerieaebi.ch\/fr\/wp-json\/wp\/v2\/pages\/1242","targetHints":{"allow":["GET"]}}],"collection":[{"href":"https:\/\/drogerieaebi.ch\/fr\/wp-json\/wp\/v2\/pages"}],"about":[{"href":"https:\/\/drogerieaebi.ch\/fr\/wp-json\/wp\/v2\/types\/page"}],"author":[{"embeddable":true,"href":"https:\/\/drogerieaebi.ch\/fr\/wp-json\/wp\/v2\/users\/1"}],"replies":[{"embeddable":true,"href":"https:\/\/drogerieaebi.ch\/fr\/wp-json\/wp\/v2\/comments?post=1242"}],"version-history":[{"count":4,"href":"https:\/\/drogerieaebi.ch\/fr\/wp-json\/wp\/v2\/pages\/1242\/revisions"}],"predecessor-version":[{"id":1246,"href":"https:\/\/drogerieaebi.ch\/fr\/wp-json\/wp\/v2\/pages\/1242\/revisions\/1246"}],"wp:attachment":[{"href":"https:\/\/drogerieaebi.ch\/fr\/wp-json\/wp\/v2\/media?parent=1242"}],"curies":[{"name":"wp","href":"https:\/\/api.w.org\/{rel}","templated":true}]}}